{"id":1851,"date":"2024-02-05T16:59:45","date_gmt":"2024-02-05T15:59:45","guid":{"rendered":"https:\/\/mentalhealth.brussels\/nous-recrutons-pour\/"},"modified":"2026-03-17T17:42:38","modified_gmt":"2026-03-17T16:42:38","slug":"nous-recrutons-pour","status":"publish","type":"page","link":"https:\/\/mentalhealth.brussels\/fr\/nous-recrutons-pour\/","title":{"rendered":"Nous recrutons"},"content":{"rendered":"\t\t<div data-elementor-type=\"wp-page\" data-elementor-id=\"1851\" class=\"elementor elementor-1851 elementor-1425\" data-elementor-post-type=\"page\">\n\t\t\t\t<div class=\"elementor-element elementor-element-0cec7b0 e-con-full e-flex e-con e-parent\" data-id=\"0cec7b0\" data-element_type=\"container\" data-e-type=\"container\" data-settings=\"{&quot;jet_parallax_layout_list&quot;:[]}\">\n\t\t\t\t<\/div>\n\t\t<div class=\"elementor-element elementor-element-4a72d9a9 e-con-full e-flex e-con e-parent\" data-id=\"4a72d9a9\" data-element_type=\"container\" data-e-type=\"container\" data-settings=\"{&quot;jet_parallax_layout_list&quot;:[]}\">\n\t\t\t\t<div class=\"elementor-element elementor-element-2f3570d elementor-widget__width-initial elementor-widget elementor-widget-text-editor\" data-id=\"2f3570d\" data-element_type=\"widget\" data-e-type=\"widget\" data-widget_type=\"text-editor.default\">\n\t\t\t\t<div class=\"elementor-widget-container\">\n\t\t\t\t\t\t\t\t\t<p>\ud83d\ude80 Envie d&rsquo;un nouveau d\u00e9fi ? <br>Rejoignez-nous pour construire <br>un service de sant\u00e9 mentale de proximit\u00e9 de qualit\u00e9 !<\/p>\t\t\t\t\t\t\t\t<\/div>\n\t\t\t\t<\/div>\n\t\t\t\t<div class=\"elementor-element elementor-element-c773dff elementor-widget elementor-widget-spacer\" data-id=\"c773dff\" data-element_type=\"widget\" data-e-type=\"widget\" data-widget_type=\"spacer.default\">\n\t\t\t\t<div class=\"elementor-widget-container\">\n\t\t\t\t\t\t\t<div class=\"elementor-spacer\">\n\t\t\t<div class=\"elementor-spacer-inner\"><\/div>\n\t\t<\/div>\n\t\t\t\t\t\t<\/div>\n\t\t\t\t<\/div>\n\t\t<div class=\"elementor-element elementor-element-348f17c e-con-full e-flex e-con e-child\" data-id=\"348f17c\" data-element_type=\"container\" data-e-type=\"container\" data-settings=\"{&quot;jet_parallax_layout_list&quot;:[]}\">\n\t\t\t\t<div class=\"elementor-element elementor-element-a5917e2 elementor-widget elementor-widget-heading\" data-id=\"a5917e2\" data-element_type=\"widget\" data-e-type=\"widget\" data-widget_type=\"heading.default\">\n\t\t\t\t<div class=\"elementor-widget-container\">\n\t\t\t\t\t<h3 class=\"elementor-heading-title elementor-size-default\">Nous recherchons \n\u00e0 court terme\u26a1<\/h3>\t\t\t\t<\/div>\n\t\t\t\t<\/div>\n\t\t\t\t<div class=\"elementor-element elementor-element-f8b110d elementor-list-item-link-inline elementor-align-start elementor-icon-list--layout-traditional elementor-widget elementor-widget-icon-list\" data-id=\"f8b110d\" data-element_type=\"widget\" data-e-type=\"widget\" data-widget_type=\"icon-list.default\">\n\t\t\t\t<div class=\"elementor-widget-container\">\n\t\t\t\t\t\t\t<ul class=\"elementor-icon-list-items\">\n\t\t\t\t\t\t\t<li class=\"elementor-icon-list-item\">\n\t\t\t\t\t\t\t\t\t\t\t<span class=\"elementor-icon-list-icon\">\n\t\t\t\t\t\t\t<svg aria-hidden=\"true\" class=\"e-font-icon-svg e-fas-user-check\" viewBox=\"0 0 640 512\" xmlns=\"http:\/\/www.w3.org\/2000\/svg\"><path d=\"M224 256c70.7 0 128-57.3 128-128S294.7 0 224 0 96 57.3 96 128s57.3 128 128 128zm89.6 32h-16.7c-22.2 10.2-46.9 16-72.9 16s-50.6-5.8-72.9-16h-16.7C60.2 288 0 348.2 0 422.4V464c0 26.5 21.5 48 48 48h352c26.5 0 48-21.5 48-48v-41.6c0-74.2-60.2-134.4-134.4-134.4zm323-128.4l-27.8-28.1c-4.6-4.7-12.1-4.7-16.8-.1l-104.8 104-45.5-45.8c-4.6-4.7-12.1-4.7-16.8-.1l-28.1 27.9c-4.7 4.6-4.7 12.1-.1 16.8l81.7 82.3c4.6 4.7 12.1 4.7 16.8.1l141.3-140.2c4.6-4.7 4.7-12.2.1-16.8z\"><\/path><\/svg>\t\t\t\t\t\t<\/span>\n\t\t\t\t\t\t\t\t\t\t<span class=\"elementor-icon-list-text\">Psychologue en soins primaires (\u2265 6 consultations\/semaine)<\/span>\n\t\t\t\t\t\t\t\t\t<\/li>\n\t\t\t\t\t\t\t\t<li class=\"elementor-icon-list-item\">\n\t\t\t\t\t\t\t\t\t\t\t<span class=\"elementor-icon-list-icon\">\n\t\t\t\t\t\t\t<svg aria-hidden=\"true\" class=\"e-font-icon-svg e-fas-user-check\" viewBox=\"0 0 640 512\" xmlns=\"http:\/\/www.w3.org\/2000\/svg\"><path d=\"M224 256c70.7 0 128-57.3 128-128S294.7 0 224 0 96 57.3 96 128s57.3 128 128 128zm89.6 32h-16.7c-22.2 10.2-46.9 16-72.9 16s-50.6-5.8-72.9-16h-16.7C60.2 288 0 348.2 0 422.4V464c0 26.5 21.5 48 48 48h352c26.5 0 48-21.5 48-48v-41.6c0-74.2-60.2-134.4-134.4-134.4zm323-128.4l-27.8-28.1c-4.6-4.7-12.1-4.7-16.8-.1l-104.8 104-45.5-45.8c-4.6-4.7-12.1-4.7-16.8-.1l-28.1 27.9c-4.7 4.6-4.7 12.1-.1 16.8l81.7 82.3c4.6 4.7 12.1 4.7 16.8.1l141.3-140.2c4.6-4.7 4.7-12.2.1-16.8z\"><\/path><\/svg>\t\t\t\t\t\t<\/span>\n\t\t\t\t\t\t\t\t\t\t<span class=\"elementor-icon-list-text\">Psychoth\u00e9rapeute (\u2265 6 consultations\/semaine)<\/span>\n\t\t\t\t\t\t\t\t\t<\/li>\n\t\t\t\t\t\t\t\t<li class=\"elementor-icon-list-item\">\n\t\t\t\t\t\t\t\t\t\t\t<span class=\"elementor-icon-list-icon\">\n\t\t\t\t\t\t\t<svg aria-hidden=\"true\" class=\"e-font-icon-svg e-fas-user-md\" viewBox=\"0 0 448 512\" xmlns=\"http:\/\/www.w3.org\/2000\/svg\"><path d=\"M224 256c70.7 0 128-57.3 128-128S294.7 0 224 0 96 57.3 96 128s57.3 128 128 128zM104 424c0 13.3 10.7 24 24 24s24-10.7 24-24-10.7-24-24-24-24 10.7-24 24zm216-135.4v49c36.5 7.4 64 39.8 64 78.4v41.7c0 7.6-5.4 14.2-12.9 15.7l-32.2 6.4c-4.3.9-8.5-1.9-9.4-6.3l-3.1-15.7c-.9-4.3 1.9-8.6 6.3-9.4l19.3-3.9V416c0-62.8-96-65.1-96 1.9v26.7l19.3 3.9c4.3.9 7.1 5.1 6.3 9.4l-3.1 15.7c-.9 4.3-5.1 7.1-9.4 6.3l-31.2-4.2c-7.9-1.1-13.8-7.8-13.8-15.9V416c0-38.6 27.5-70.9 64-78.4v-45.2c-2.2.7-4.4 1.1-6.6 1.9-18 6.3-37.3 9.8-57.4 9.8s-39.4-3.5-57.4-9.8c-7.4-2.6-14.9-4.2-22.6-5.2v81.6c23.1 6.9 40 28.1 40 53.4 0 30.9-25.1 56-56 56s-56-25.1-56-56c0-25.3 16.9-46.5 40-53.4v-80.4C48.5 301 0 355.8 0 422.4v44.8C0 491.9 20.1 512 44.8 512h358.4c24.7 0 44.8-20.1 44.8-44.8v-44.8c0-72-56.8-130.3-128-133.8z\"><\/path><\/svg>\t\t\t\t\t\t<\/span>\n\t\t\t\t\t\t\t\t\t\t<span class=\"elementor-icon-list-text\">Psychiatre pour adultes (\u226510 consultations\/semaine)<\/span>\n\t\t\t\t\t\t\t\t\t<\/li>\n\t\t\t\t\t\t\t\t<li class=\"elementor-icon-list-item\">\n\t\t\t\t\t\t\t\t\t\t\t<span class=\"elementor-icon-list-icon\">\n\t\t\t\t\t\t\t<svg aria-hidden=\"true\" class=\"e-font-icon-svg e-fas-user-md\" viewBox=\"0 0 448 512\" xmlns=\"http:\/\/www.w3.org\/2000\/svg\"><path d=\"M224 256c70.7 0 128-57.3 128-128S294.7 0 224 0 96 57.3 96 128s57.3 128 128 128zM104 424c0 13.3 10.7 24 24 24s24-10.7 24-24-10.7-24-24-24-24 10.7-24 24zm216-135.4v49c36.5 7.4 64 39.8 64 78.4v41.7c0 7.6-5.4 14.2-12.9 15.7l-32.2 6.4c-4.3.9-8.5-1.9-9.4-6.3l-3.1-15.7c-.9-4.3 1.9-8.6 6.3-9.4l19.3-3.9V416c0-62.8-96-65.1-96 1.9v26.7l19.3 3.9c4.3.9 7.1 5.1 6.3 9.4l-3.1 15.7c-.9 4.3-5.1 7.1-9.4 6.3l-31.2-4.2c-7.9-1.1-13.8-7.8-13.8-15.9V416c0-38.6 27.5-70.9 64-78.4v-45.2c-2.2.7-4.4 1.1-6.6 1.9-18 6.3-37.3 9.8-57.4 9.8s-39.4-3.5-57.4-9.8c-7.4-2.6-14.9-4.2-22.6-5.2v81.6c23.1 6.9 40 28.1 40 53.4 0 30.9-25.1 56-56 56s-56-25.1-56-56c0-25.3 16.9-46.5 40-53.4v-80.4C48.5 301 0 355.8 0 422.4v44.8C0 491.9 20.1 512 44.8 512h358.4c24.7 0 44.8-20.1 44.8-44.8v-44.8c0-72-56.8-130.3-128-133.8z\"><\/path><\/svg>\t\t\t\t\t\t<\/span>\n\t\t\t\t\t\t\t\t\t\t<span class=\"elementor-icon-list-text\">Psychiatre pour enfants et adolescents (\u226510 consultations\/semaine)<\/span>\n\t\t\t\t\t\t\t\t\t<\/li>\n\t\t\t\t\t\t<\/ul>\n\t\t\t\t\t\t<\/div>\n\t\t\t\t<\/div>\n\t\t\t\t<\/div>\n\t\t<div class=\"elementor-element elementor-element-9a590e2 e-con-full e-flex e-con e-child\" data-id=\"9a590e2\" data-element_type=\"container\" data-e-type=\"container\" data-settings=\"{&quot;jet_parallax_layout_list&quot;:[]}\">\n\t\t\t\t<div class=\"elementor-element elementor-element-ee2b24e elementor-widget elementor-widget-spacer\" data-id=\"ee2b24e\" data-element_type=\"widget\" data-e-type=\"widget\" data-widget_type=\"spacer.default\">\n\t\t\t\t<div class=\"elementor-widget-container\">\n\t\t\t\t\t\t\t<div class=\"elementor-spacer\">\n\t\t\t<div class=\"elementor-spacer-inner\"><\/div>\n\t\t<\/div>\n\t\t\t\t\t\t<\/div>\n\t\t\t\t<\/div>\n\t\t\t\t<div class=\"elementor-element elementor-element-ed12e27 elementor-align-center elementor-widget elementor-widget-button\" data-id=\"ed12e27\" data-element_type=\"widget\" data-e-type=\"widget\" data-widget_type=\"button.default\">\n\t\t\t\t<div class=\"elementor-widget-container\">\n\t\t\t\t\t\t\t\t\t<div class=\"elementor-button-wrapper\">\n\t\t\t\t\t<a class=\"elementor-button elementor-button-link elementor-size-sm\" href=\"mailto:jobs@mentalhealth.brussels\" id=\"icoonknop\">\n\t\t\t\t\t\t<span class=\"elementor-button-content-wrapper\">\n\t\t\t\t\t\t\t\t\t<span class=\"elementor-button-text\">Passez \u00e0 l'\u00e9tape suivante ici ! \ud83d\udce9<\/span>\n\t\t\t\t\t<\/span>\n\t\t\t\t\t<\/a>\n\t\t\t\t<\/div>\n\t\t\t\t\t\t\t\t<\/div>\n\t\t\t\t<\/div>\n\t\t\t\t<div class=\"elementor-element elementor-element-0ee1949 elementor-widget elementor-widget-spacer\" data-id=\"0ee1949\" data-element_type=\"widget\" data-e-type=\"widget\" data-widget_type=\"spacer.default\">\n\t\t\t\t<div class=\"elementor-widget-container\">\n\t\t\t\t\t\t\t<div class=\"elementor-spacer\">\n\t\t\t<div class=\"elementor-spacer-inner\"><\/div>\n\t\t<\/div>\n\t\t\t\t\t\t<\/div>\n\t\t\t\t<\/div>\n\t\t\t\t<div class=\"elementor-element elementor-element-0cee369 elementor-widget__width-initial elementor-skin-carousel elementor-arrows-yes elementor-pagination-type-bullets elementor-pagination-position-outside elementor-widget elementor-widget-media-carousel\" data-id=\"0cee369\" data-element_type=\"widget\" data-e-type=\"widget\" data-settings=\"{&quot;skin&quot;:&quot;carousel&quot;,&quot;effect&quot;:&quot;slide&quot;,&quot;show_arrows&quot;:&quot;yes&quot;,&quot;pagination&quot;:&quot;bullets&quot;,&quot;speed&quot;:500,&quot;autoplay&quot;:&quot;yes&quot;,&quot;autoplay_speed&quot;:5000,&quot;loop&quot;:&quot;yes&quot;,&quot;pause_on_hover&quot;:&quot;yes&quot;,&quot;pause_on_interaction&quot;:&quot;yes&quot;,&quot;space_between&quot;:{&quot;unit&quot;:&quot;px&quot;,&quot;size&quot;:10,&quot;sizes&quot;:[]},&quot;space_between_widescreen&quot;:{&quot;unit&quot;:&quot;px&quot;,&quot;size&quot;:10,&quot;sizes&quot;:[]},&quot;space_between_laptop&quot;:{&quot;unit&quot;:&quot;px&quot;,&quot;size&quot;:10,&quot;sizes&quot;:[]},&quot;space_between_tablet_extra&quot;:{&quot;unit&quot;:&quot;px&quot;,&quot;size&quot;:10,&quot;sizes&quot;:[]},&quot;space_between_tablet&quot;:{&quot;unit&quot;:&quot;px&quot;,&quot;size&quot;:10,&quot;sizes&quot;:[]},&quot;space_between_mobile_extra&quot;:{&quot;unit&quot;:&quot;px&quot;,&quot;size&quot;:10,&quot;sizes&quot;:[]},&quot;space_between_mobile&quot;:{&quot;unit&quot;:&quot;px&quot;,&quot;size&quot;:10,&quot;sizes&quot;:[]}}\" data-widget_type=\"media-carousel.default\">\n\t\t\t\t<div class=\"elementor-widget-container\">\n\t\t\t\t\t\t\t\t\t<div class=\"elementor-swiper\">\n\t\t\t\t\t<div class=\"elementor-main-swiper swiper\" role=\"region\" aria-roledescription=\"carousel\" aria-label=\"Slides\">\n\t\t\t\t<div class=\"swiper-wrapper\">\n\t\t\t\t\t\t\t\t\t\t\t<div class=\"swiper-slide\" role=\"group\" aria-roledescription=\"slide\">\n\t\t\t\t\t\t\t\t\t<div class=\"elementor-carousel-image\" role=\"img\" aria-label=\"Psychiater Psychiatrist Psychiatre Brussel Brussles Bruxelles\" style=\"background-image: url(https://mentalhealth.brussels/fr/https:\/\/mentalhealth.brussels\/wp-content\/uploads\/unnamed-1.jpg)\">\n\n\t\t\t\n\t\t\t\t\t<\/div>\n\t\t\t\t\t\t\t\t<\/div>\n\t\t\t\t\t\t\t\t\t\t\t<div class=\"swiper-slide\" role=\"group\" aria-roledescription=\"slide\">\n\t\t\t\t\t\t\t\t\t<div class=\"elementor-carousel-image\" role=\"img\" aria-label=\"Group offer - Nederlandstalige groesptherapie in Brussel\" style=\"background-image: url(https://mentalhealth.brussels/fr/https:\/\/mentalhealth.brussels\/wp-content\/uploads\/IMG_0221.jpeg)\">\n\n\t\t\t\n\t\t\t\t\t<\/div>\n\t\t\t\t\t\t\t\t<\/div>\n\t\t\t\t\t\t\t\t\t\t\t<div class=\"swiper-slide\" role=\"group\" aria-roledescription=\"slide\">\n\t\t\t\t\t\t\t\t\t<div class=\"elementor-carousel-image\" role=\"img\" aria-label=\"8B9BD081-5004-428D-974E-92E0950CB017\" style=\"background-image: url(https://mentalhealth.brussels/fr/https:\/\/mentalhealth.brussels\/wp-content\/uploads\/8B9BD081-5004-428D-974E-92E0950CB017.jpeg)\">\n\n\t\t\t\n\t\t\t\t\t<\/div>\n\t\t\t\t\t\t\t\t<\/div>\n\t\t\t\t\t\t\t\t\t\t\t<div class=\"swiper-slide\" role=\"group\" aria-roledescription=\"slide\">\n\t\t\t\t\t\t\t\t\t<div class=\"elementor-carousel-image\" role=\"img\" aria-label=\"Praktijk\" style=\"background-image: url(https://mentalhealth.brussels/fr/https:\/\/mentalhealth.brussels\/wp-content\/uploads\/Praktijk.webp)\">\n\n\t\t\t\n\t\t\t\t\t<\/div>\n\t\t\t\t\t\t\t\t<\/div>\n\t\t\t\t\t\t\t\t\t\t\t<div class=\"swiper-slide\" role=\"group\" aria-roledescription=\"slide\">\n\t\t\t\t\t\t\t\t\t<div class=\"elementor-carousel-image\" role=\"img\" aria-label=\"Brussels Mental Health Center Flagey\" style=\"background-image: url(https://mentalhealth.brussels/fr/https:\/\/mentalhealth.brussels\/wp-content\/uploads\/Praktijk-4.webp)\">\n\n\t\t\t\n\t\t\t\t\t<\/div>\n\t\t\t\t\t\t\t\t<\/div>\n\t\t\t\t\t\t\t\t\t\t\t<div class=\"swiper-slide\" role=\"group\" aria-roledescription=\"slide\">\n\t\t\t\t\t\t\t\t\t<div class=\"elementor-carousel-image\" role=\"img\" aria-label=\"Brussels Mental Health Center Flagey\" style=\"background-image: url(https://mentalhealth.brussels/fr/https:\/\/mentalhealth.brussels\/wp-content\/uploads\/Praktijk-2.webp)\">\n\n\t\t\t\n\t\t\t\t\t<\/div>\n\t\t\t\t\t\t\t\t<\/div>\n\t\t\t\t\t\t\t\t\t<\/div>\n\t\t\t\t\t\t\t\t\t\t\t\t\t\t\t<div class=\"elementor-swiper-button elementor-swiper-button-prev\" role=\"button\" tabindex=\"0\" aria-label=\"Pr\u00e9c\u00e9dent\">\n\t\t\t\t\t\t\t<svg aria-hidden=\"true\" class=\"e-font-icon-svg e-eicon-chevron-left\" viewBox=\"0 0 1000 1000\" xmlns=\"http:\/\/www.w3.org\/2000\/svg\"><path d=\"M646 125C629 125 613 133 604 142L308 442C296 454 292 471 292 487 292 504 296 521 308 533L604 854C617 867 629 875 646 875 663 875 679 871 692 858 704 846 713 829 713 812 713 796 708 779 692 767L438 487 692 225C700 217 708 204 708 187 708 171 704 154 692 142 675 129 663 125 646 125Z\"><\/path><\/svg>\t\t\t\t\t\t<\/div>\n\t\t\t\t\t\t<div class=\"elementor-swiper-button elementor-swiper-button-next\" role=\"button\" tabindex=\"0\" aria-label=\"Suivant\">\n\t\t\t\t\t\t\t<svg aria-hidden=\"true\" class=\"e-font-icon-svg e-eicon-chevron-right\" viewBox=\"0 0 1000 1000\" xmlns=\"http:\/\/www.w3.org\/2000\/svg\"><path d=\"M696 533C708 521 713 504 713 487 713 471 708 454 696 446L400 146C388 133 375 125 354 125 338 125 325 129 313 142 300 154 292 171 292 187 292 204 296 221 308 233L563 492 304 771C292 783 288 800 288 817 288 833 296 850 308 863 321 871 338 875 354 875 371 875 388 867 400 854L696 533Z\"><\/path><\/svg>\t\t\t\t\t\t<\/div>\n\t\t\t\t\t\t\t\t\t\t\t\t\t\t\t\t<div class=\"swiper-pagination\"><\/div>\n\t\t\t\t\t\t\t\t\t\t\t\t<\/div>\n\t\t\t\t<\/div>\n\t\t\t\t\t\t\t\t<\/div>\n\t\t\t\t<\/div>\n\t\t<div class=\"elementor-element elementor-element-26da928 e-con-full e-flex e-con e-child\" data-id=\"26da928\" data-element_type=\"container\" data-e-type=\"container\" data-settings=\"{&quot;jet_parallax_layout_list&quot;:[]}\">\n\t\t\t\t<div class=\"elementor-element elementor-element-f65b3c7 elementor-widget__width-initial elementor-widget elementor-widget-spacer\" data-id=\"f65b3c7\" data-element_type=\"widget\" data-e-type=\"widget\" data-widget_type=\"spacer.default\">\n\t\t\t\t<div class=\"elementor-widget-container\">\n\t\t\t\t\t\t\t<div class=\"elementor-spacer\">\n\t\t\t<div class=\"elementor-spacer-inner\"><\/div>\n\t\t<\/div>\n\t\t\t\t\t\t<\/div>\n\t\t\t\t<\/div>\n\t\t\t\t<div class=\"elementor-element elementor-element-98e388a elementor-widget__width-initial elementor-widget elementor-widget-text-editor\" data-id=\"98e388a\" data-element_type=\"widget\" data-e-type=\"widget\" data-widget_type=\"text-editor.default\">\n\t\t\t\t<div class=\"elementor-widget-container\">\n\t\t\t\t\t\t\t\t\t<h5>  Travailler \u00e0 BMHC<\/h5><p>Chez BMHC, nous d\u00e9veloppons des soins de sant\u00e9 mentale multidisciplinaires innovants dans un environnement de coworking inspirant o\u00f9 la qualit\u00e9 des soins est centrale.<\/p><h6> <\/h6><h6>\ud83c\udfe5 \u00c0 quoi s&rsquo;attendre<\/h6><p>Vous travaillerez sur un ou plusieurs sites dans un cadre agr\u00e9able, avec une atmosph\u00e8re de travail d\u00e9tendue et une ouverture \u00e0 divers styles de pens\u00e9e. Gr\u00e2ce \u00e0 une bonne accessibilit\u00e9 par les transports publics et \u00e0 des facilit\u00e9s de stationnement \u00e0 proximit\u00e9, les centres sont facilement accessibles. Vous \u00e9voluerez dans un contexte international diversifi\u00e9, avec une demande importante et persistante de la part des patients. Cela vous permettra de constituer \u00e0 court terme une base de patients stable et de qualit\u00e9, adapt\u00e9e \u00e0 votre propre expertise.   <\/p><h6> <\/h6><h6>\ud83c\udfaf L&rsquo;accent mis sur la qualit\u00e9 des soins<\/h6><p>BMHC vous d\u00e9charge au maximum des tracas administratifs et pratiques, afin que vous puissiez vous concentrer sur ce qui compte vraiment : les soins et le patient.<\/p><h6> <\/h6><h6>\ud83e\udd1d Ensemble, avec autonomie<\/h6><p>Vous ferez partie d&rsquo;un r\u00e9seau multidisciplinaire de coll\u00e8gues, avec la possibilit\u00e9 d&rsquo;intervenir toutes les six semaines. En m\u00eame temps, vous travaillerez dans un cadre favorable o\u00f9 vous pourrez d\u00e9velopper vos propres parcours de soins et domaines d&rsquo;expertise &#8211; de mani\u00e8re autonome, mais connect\u00e9e et multidisciplinaire. <\/p><h6> <\/h6><h6><strong style=\"font-family: Helvetica, sans-serif; font-size: medium; color: #000000; text-align: start;\" data-start=\"344\" data-end=\"393\">Vous souhaitez contribuer \u00e0 la mise en place de soins de sant\u00e9 mentale ambulatoires de qualit\u00e9 ?<\/strong><\/h6><p style=\"color: #000000; font-size: medium; text-align: start;\" data-start=\"341\" data-end=\"429\">\ud83d\udce9Contactez-nous \u00e0 l&rsquo;adresse suivante <strong data-start=\"399\" data-end=\"429\"><a href=\"mailto:jobs@mentalhealth.brussels\">jobs@mentalhealth.brussels<\/a><\/strong><\/p>\t\t\t\t\t\t\t\t<\/div>\n\t\t\t\t<\/div>\n\t\t\t\t<\/div>\n\t\t\t\t<\/div>\n\t\t\t\t<div class=\"elementor-element elementor-element-e0e5581 elementor-widget elementor-widget-spacer\" data-id=\"e0e5581\" data-element_type=\"widget\" data-e-type=\"widget\" data-widget_type=\"spacer.default\">\n\t\t\t\t<div class=\"elementor-widget-container\">\n\t\t\t\t\t\t\t<div class=\"elementor-spacer\">\n\t\t\t<div class=\"elementor-spacer-inner\"><\/div>\n\t\t<\/div>\n\t\t\t\t\t\t<\/div>\n\t\t\t\t<\/div>\n\t\t\t\t<div class=\"elementor-element elementor-element-76654f8 elementor-widget__width-initial elementor-widget elementor-widget-n-accordion\" data-id=\"76654f8\" data-element_type=\"widget\" data-e-type=\"widget\" data-settings=\"{&quot;default_state&quot;:&quot;all_collapsed&quot;,&quot;max_items_expended&quot;:&quot;one&quot;,&quot;n_accordion_animation_duration&quot;:{&quot;unit&quot;:&quot;ms&quot;,&quot;size&quot;:400,&quot;sizes&quot;:[]}}\" data-widget_type=\"nested-accordion.default\">\n\t\t\t\t<div class=\"elementor-widget-container\">\n\t\t\t\t\t\t\t<div class=\"e-n-accordion\" aria-label=\"Accordion. Open links with Enter or Space, close with Escape, and navigate with Arrow Keys\">\n\t\t\t\t\t\t<details id=\"e-n-accordion-item-1240\" class=\"e-n-accordion-item\" >\n\t\t\t\t<summary class=\"e-n-accordion-item-title\" data-accordion-index=\"1\" tabindex=\"0\" aria-expanded=\"false\" aria-controls=\"e-n-accordion-item-1240\" >\n\t\t\t\t\t<span class='e-n-accordion-item-title-header'><div class=\"e-n-accordion-item-title-text\"> Inclus dans le co\u00fbt \u2705 <\/div><\/span>\n\t\t\t\t\t\t\t<span class='e-n-accordion-item-title-icon'>\n\t\t\t<span class='e-opened' ><svg aria-hidden=\"true\" class=\"e-font-icon-svg e-fas-chevron-up\" viewBox=\"0 0 448 512\" xmlns=\"http:\/\/www.w3.org\/2000\/svg\"><path d=\"M240.971 130.524l194.343 194.343c9.373 9.373 9.373 24.569 0 33.941l-22.667 22.667c-9.357 9.357-24.522 9.375-33.901.04L224 227.495 69.255 381.516c-9.379 9.335-24.544 9.317-33.901-.04l-22.667-22.667c-9.373-9.373-9.373-24.569 0-33.941L207.03 130.525c9.372-9.373 24.568-9.373 33.941-.001z\"><\/path><\/svg><\/span>\n\t\t\t<span class='e-closed'><svg aria-hidden=\"true\" class=\"e-font-icon-svg e-fas-chevron-right\" viewBox=\"0 0 320 512\" xmlns=\"http:\/\/www.w3.org\/2000\/svg\"><path d=\"M285.476 272.971L91.132 467.314c-9.373 9.373-24.569 9.373-33.941 0l-22.667-22.667c-9.357-9.357-9.375-24.522-.04-33.901L188.505 256 34.484 101.255c-9.335-9.379-9.317-24.544.04-33.901l22.667-22.667c9.373-9.373 24.569-9.373 33.941 0L285.475 239.03c9.373 9.372 9.373 24.568.001 33.941z\"><\/path><\/svg><\/span>\n\t\t<\/span>\n\n\t\t\t\t\t\t<\/summary>\n\t\t\t\t<div role=\"region\" aria-labelledby=\"e-n-accordion-item-1240\" class=\"elementor-element elementor-element-e975230 e-con-full e-flex e-con e-child\" data-id=\"e975230\" data-element_type=\"container\" data-e-type=\"container\" data-settings=\"{&quot;jet_parallax_layout_list&quot;:[]}\">\n\t\t\t\t<div class=\"elementor-element elementor-element-f1c1b0e elementor-widget__width-initial elementor-widget elementor-widget-text-editor\" data-id=\"f1c1b0e\" data-element_type=\"widget\" data-e-type=\"widget\" data-widget_type=\"text-editor.default\">\n\t\t\t\t<div class=\"elementor-widget-container\">\n\t\t\t\t\t\t\t\t\t<p>Chez BMHC, nous offrons un environnement de travail calme, professionnel et sans tracas sur diff\u00e9rents sites, afin que vous puissiez vous concentrer pleinement sur vos patients et votre cabinet :<br><br><\/p>\n<p>\u2714\ufe0f <strong>T\u00e9l\u00e9secr\u00e9tariat<\/strong> pour un soutien efficace en mati\u00e8re de rendez-vous et de notification<\/p>\n<p>\u2714\ufe0f <strong>Calendrier \u00e9lectronique<\/strong> avec rappels par e-mail<\/p>\n<p>\u2714\ufe0f <strong>Adresse \u00e9lectronique personnalis\u00e9e<\/strong><\/p>\n<p>\u2714\ufe0f <strong>Visibilit\u00e9 en ligne <\/strong>gr\u00e2ce au site web et au mat\u00e9riel de communication<\/p>\n<p>\u2714\ufe0f <strong>Cabinet enti\u00e8rement \u00e9quip\u00e9<br><\/strong>&#8211; Chromebook par chambre<br>&#8211; Imprimante et scanner<\/p>\n<p>\u2714\ufe0f <strong>Dossier \u00e9lectronique fiable du patient<\/strong><br>(Mediris Multi, eFact, Recipe)<\/p>\n<p>\u2714\ufe0f <strong>Installations confortables<\/strong><br>&#8211; Installations sanitaires et kitchenette (avec r\u00e9frig\u00e9rateur et machine \u00e0 caf\u00e9)<\/p>\n<p>\u2714\ufe0f <strong>Administration souple et paiements<\/strong><br>&#8211; Terminal de paiement et Payconiq<br>&#8211; Syst\u00e8me de facturation et administration des salaires<\/p>\n<p>\u2714\ufe0f <strong>Tout compris<\/strong><br>&#8211; Nettoyage<br>&#8211; Chauffage et \u00e9lectricit\u00e9<\/p>\t\t\t\t\t\t\t\t<\/div>\n\t\t\t\t<\/div>\n\t\t\t\t<\/div>\n\t\t\t\t\t<\/details>\n\t\t\t\t\t<\/div>\n\t\t\t\t\t\t<\/div>\n\t\t\t\t<\/div>\n\t\t<div class=\"elementor-element elementor-element-60499e9 e-con-full e-flex e-con e-child\" data-id=\"60499e9\" data-element_type=\"container\" data-e-type=\"container\" data-settings=\"{&quot;jet_parallax_layout_list&quot;:[]}\">\n\t\t\t\t<\/div>\n\t\t\t\t<div class=\"elementor-element elementor-element-6b330b1 elementor-align-center elementor-widget elementor-widget-button\" data-id=\"6b330b1\" data-element_type=\"widget\" data-e-type=\"widget\" data-widget_type=\"button.default\">\n\t\t\t\t<div class=\"elementor-widget-container\">\n\t\t\t\t\t\t\t\t\t<div class=\"elementor-button-wrapper\">\n\t\t\t\t\t<a class=\"elementor-button elementor-button-link elementor-size-sm\" href=\"mailto:jobs@mentalhealth.brussels\" id=\"icoonknop\">\n\t\t\t\t\t\t<span class=\"elementor-button-content-wrapper\">\n\t\t\t\t\t\t\t\t\t<span class=\"elementor-button-text\">\ud83d\udce9 Contactez-nous ici<\/span>\n\t\t\t\t\t<\/span>\n\t\t\t\t\t<\/a>\n\t\t\t\t<\/div>\n\t\t\t\t\t\t\t\t<\/div>\n\t\t\t\t<\/div>\n\t\t\t\t<\/div>\n\t\t\t\t<\/div>\n\t\t","protected":false},"excerpt":{"rendered":"<p>\ud83d\ude80 Envie d&rsquo;un nouveau d\u00e9fi ? Rejoignez-nous pour construire un service de sant\u00e9 mentale de proximit\u00e9 de qualit\u00e9 ! Nous recherchons \u00e0 court terme\u26a1 Psychologue en soins primaires (\u2265 6 consultations\/semaine) Psychoth\u00e9rapeute (\u2265 6 consultations\/semaine) Psychiatre pour adultes (\u226510 consultations\/semaine) Psychiatre pour enfants et adolescents (\u226510 consultations\/semaine) Passez \u00e0 l&rsquo;\u00e9tape suivante ici ! \ud83d\udce9 Travailler [&hellip;]<\/p>\n","protected":false},"author":1,"featured_media":0,"parent":0,"menu_order":0,"comment_status":"closed","ping_status":"closed","template":"","meta":{"footnotes":""},"class_list":["post-1851","page","type-page","status-publish","hentry"],"yoast_head":"<!-- This site is optimized with the Yoast SEO plugin v27.1.1 - https:\/\/yoast.com\/product\/yoast-seo-wordpress\/ -->\n<title>Nous recrutons - Brussels Mental Health Center<\/title>\n<meta name=\"description\" content=\"Postes vacants de psychiatre ou psychoth\u00e9rapeute (i.o.) dans un cabinet de groupe multidisciplinaire \u00e0 Bruxelles\" \/>\n<meta name=\"robots\" content=\"index, follow, max-snippet:-1, max-image-preview:large, max-video-preview:-1\" \/>\n<link rel=\"canonical\" href=\"https:\/\/mentalhealth.brussels\/fr\/nous-recrutons-pour\/\" \/>\n<meta property=\"og:locale\" content=\"fr_FR\" \/>\n<meta property=\"og:type\" content=\"article\" \/>\n<meta property=\"og:title\" content=\"Nous recrutons - Brussels Mental Health Center\" \/>\n<meta property=\"og:description\" content=\"Postes vacants de psychiatre ou psychoth\u00e9rapeute (i.o.) dans un cabinet de groupe multidisciplinaire \u00e0 Bruxelles\" \/>\n<meta property=\"og:url\" content=\"https:\/\/mentalhealth.brussels\/fr\/nous-recrutons-pour\/\" \/>\n<meta property=\"og:site_name\" content=\"Brussels Mental Health Center\" \/>\n<meta property=\"article:modified_time\" content=\"2026-03-17T16:42:38+00:00\" \/>\n<meta name=\"twitter:card\" content=\"summary_large_image\" \/>\n<meta name=\"twitter:label1\" content=\"Dur\u00e9e de lecture estim\u00e9e\" \/>\n\t<meta name=\"twitter:data1\" content=\"2 minutes\" \/>\n<script type=\"application\/ld+json\" class=\"yoast-schema-graph\">{\"@context\":\"https:\/\/schema.org\",\"@graph\":[{\"@type\":\"WebPage\",\"@id\":\"https:\/\/mentalhealth.brussels\/fr\/nous-recrutons-pour\/\",\"url\":\"https:\/\/mentalhealth.brussels\/fr\/nous-recrutons-pour\/\",\"name\":\"Nous recrutons - Brussels Mental Health Center\",\"isPartOf\":{\"@id\":\"https:\/\/mentalhealth.brussels\/fr\/#website\"},\"datePublished\":\"2024-02-05T15:59:45+00:00\",\"dateModified\":\"2026-03-17T16:42:38+00:00\",\"description\":\"Postes vacants de psychiatre ou psychoth\u00e9rapeute (i.o.) dans un cabinet de groupe multidisciplinaire \u00e0 Bruxelles\",\"breadcrumb\":{\"@id\":\"https:\/\/mentalhealth.brussels\/fr\/nous-recrutons-pour\/#breadcrumb\"},\"inLanguage\":\"fr-FR\",\"potentialAction\":[{\"@type\":\"ReadAction\",\"target\":[\"https:\/\/mentalhealth.brussels\/fr\/nous-recrutons-pour\/\"]}]},{\"@type\":\"BreadcrumbList\",\"@id\":\"https:\/\/mentalhealth.brussels\/fr\/nous-recrutons-pour\/#breadcrumb\",\"itemListElement\":[{\"@type\":\"ListItem\",\"position\":1,\"name\":\"Home\",\"item\":\"https:\/\/mentalhealth.brussels\/fr\/accueil\/\"},{\"@type\":\"ListItem\",\"position\":2,\"name\":\"Nous recrutons\"}]},{\"@type\":\"WebSite\",\"@id\":\"https:\/\/mentalhealth.brussels\/fr\/#website\",\"url\":\"https:\/\/mentalhealth.brussels\/fr\/\",\"name\":\"Brussels Mental Health Center\",\"description\":\"Sant\u00e9 Mentale \u00e0 Bruxelles\",\"publisher\":{\"@id\":\"https:\/\/mentalhealth.brussels\/fr\/#organization\"},\"potentialAction\":[{\"@type\":\"SearchAction\",\"target\":{\"@type\":\"EntryPoint\",\"urlTemplate\":\"https:\/\/mentalhealth.brussels\/fr\/?s={search_term_string}\"},\"query-input\":{\"@type\":\"PropertyValueSpecification\",\"valueRequired\":true,\"valueName\":\"search_term_string\"}}],\"inLanguage\":\"fr-FR\"},{\"@type\":\"Organization\",\"@id\":\"https:\/\/mentalhealth.brussels\/fr\/#organization\",\"name\":\"Brussels Mental Health Center\",\"url\":\"https:\/\/mentalhealth.brussels\/fr\/\",\"logo\":{\"@type\":\"ImageObject\",\"inLanguage\":\"fr-FR\",\"@id\":\"https:\/\/mentalhealth.brussels\/fr\/#\/schema\/logo\/image\/\",\"url\":\"https:\/\/mentalhealth.brussels\/wp-content\/uploads\/Logo.png\",\"contentUrl\":\"https:\/\/mentalhealth.brussels\/wp-content\/uploads\/Logo.png\",\"width\":480,\"height\":154,\"caption\":\"Brussels Mental Health Center\"},\"image\":{\"@id\":\"https:\/\/mentalhealth.brussels\/fr\/#\/schema\/logo\/image\/\"}}]}<\/script>\n<!-- \/ Yoast SEO plugin. -->","yoast_head_json":{"title":"Nous recrutons - Brussels Mental Health Center","description":"Postes vacants de psychiatre ou psychoth\u00e9rapeute (i.o.) dans un cabinet de groupe multidisciplinaire \u00e0 Bruxelles","robots":{"index":"index","follow":"follow","max-snippet":"max-snippet:-1","max-image-preview":"max-image-preview:large","max-video-preview":"max-video-preview:-1"},"canonical":"https:\/\/mentalhealth.brussels\/fr\/nous-recrutons-pour\/","og_locale":"fr_FR","og_type":"article","og_title":"Nous recrutons - Brussels Mental Health Center","og_description":"Postes vacants de psychiatre ou psychoth\u00e9rapeute (i.o.) dans un cabinet de groupe multidisciplinaire \u00e0 Bruxelles","og_url":"https:\/\/mentalhealth.brussels\/fr\/nous-recrutons-pour\/","og_site_name":"Brussels Mental Health Center","article_modified_time":"2026-03-17T16:42:38+00:00","twitter_card":"summary_large_image","twitter_misc":{"Dur\u00e9e de lecture estim\u00e9e":"2 minutes"},"schema":{"@context":"https:\/\/schema.org","@graph":[{"@type":"WebPage","@id":"https:\/\/mentalhealth.brussels\/fr\/nous-recrutons-pour\/","url":"https:\/\/mentalhealth.brussels\/fr\/nous-recrutons-pour\/","name":"Nous recrutons - Brussels Mental Health Center","isPartOf":{"@id":"https:\/\/mentalhealth.brussels\/fr\/#website"},"datePublished":"2024-02-05T15:59:45+00:00","dateModified":"2026-03-17T16:42:38+00:00","description":"Postes vacants de psychiatre ou psychoth\u00e9rapeute (i.o.) dans un cabinet de groupe multidisciplinaire \u00e0 Bruxelles","breadcrumb":{"@id":"https:\/\/mentalhealth.brussels\/fr\/nous-recrutons-pour\/#breadcrumb"},"inLanguage":"fr-FR","potentialAction":[{"@type":"ReadAction","target":["https:\/\/mentalhealth.brussels\/fr\/nous-recrutons-pour\/"]}]},{"@type":"BreadcrumbList","@id":"https:\/\/mentalhealth.brussels\/fr\/nous-recrutons-pour\/#breadcrumb","itemListElement":[{"@type":"ListItem","position":1,"name":"Home","item":"https:\/\/mentalhealth.brussels\/fr\/accueil\/"},{"@type":"ListItem","position":2,"name":"Nous recrutons"}]},{"@type":"WebSite","@id":"https:\/\/mentalhealth.brussels\/fr\/#website","url":"https:\/\/mentalhealth.brussels\/fr\/","name":"Brussels Mental Health Center","description":"Sant\u00e9 Mentale \u00e0 Bruxelles","publisher":{"@id":"https:\/\/mentalhealth.brussels\/fr\/#organization"},"potentialAction":[{"@type":"SearchAction","target":{"@type":"EntryPoint","urlTemplate":"https:\/\/mentalhealth.brussels\/fr\/?s={search_term_string}"},"query-input":{"@type":"PropertyValueSpecification","valueRequired":true,"valueName":"search_term_string"}}],"inLanguage":"fr-FR"},{"@type":"Organization","@id":"https:\/\/mentalhealth.brussels\/fr\/#organization","name":"Brussels Mental Health Center","url":"https:\/\/mentalhealth.brussels\/fr\/","logo":{"@type":"ImageObject","inLanguage":"fr-FR","@id":"https:\/\/mentalhealth.brussels\/fr\/#\/schema\/logo\/image\/","url":"https:\/\/mentalhealth.brussels\/wp-content\/uploads\/Logo.png","contentUrl":"https:\/\/mentalhealth.brussels\/wp-content\/uploads\/Logo.png","width":480,"height":154,"caption":"Brussels Mental Health Center"},"image":{"@id":"https:\/\/mentalhealth.brussels\/fr\/#\/schema\/logo\/image\/"}}]}},"_links":{"self":[{"href":"https:\/\/mentalhealth.brussels\/fr\/wp-json\/wp\/v2\/pages\/1851","targetHints":{"allow":["GET"]}}],"collection":[{"href":"https:\/\/mentalhealth.brussels\/fr\/wp-json\/wp\/v2\/pages"}],"about":[{"href":"https:\/\/mentalhealth.brussels\/fr\/wp-json\/wp\/v2\/types\/page"}],"author":[{"embeddable":true,"href":"https:\/\/mentalhealth.brussels\/fr\/wp-json\/wp\/v2\/users\/1"}],"replies":[{"embeddable":true,"href":"https:\/\/mentalhealth.brussels\/fr\/wp-json\/wp\/v2\/comments?post=1851"}],"version-history":[{"count":10,"href":"https:\/\/mentalhealth.brussels\/fr\/wp-json\/wp\/v2\/pages\/1851\/revisions"}],"predecessor-version":[{"id":6631,"href":"https:\/\/mentalhealth.brussels\/fr\/wp-json\/wp\/v2\/pages\/1851\/revisions\/6631"}],"wp:attachment":[{"href":"https:\/\/mentalhealth.brussels\/fr\/wp-json\/wp\/v2\/media?parent=1851"}],"curies":[{"name":"wp","href":"https:\/\/api.w.org\/{rel}","templated":true}]}}